{"id":1627,"date":"2026-03-28T10:01:30","date_gmt":"2026-03-28T13:01:30","guid":{"rendered":"https:\/\/cbie.sbc.org.br\/2026\/?page_id=1627"},"modified":"2026-03-28T10:01:34","modified_gmt":"2026-03-28T13:01:34","slug":"studx","status":"publish","type":"page","link":"https:\/\/cbie.sbc.org.br\/2026\/index.php\/studx\/","title":{"rendered":"STUDX"},"content":{"rendered":"\t\t<div data-elementor-type=\"wp-page\" data-elementor-id=\"1627\" class=\"elementor elementor-1627\">\n\t\t\t\t<div class=\"elementor-element elementor-element-2b19cc2 e-flex e-con-boxed e-con e-parent\" data-id=\"2b19cc2\" data-element_type=\"container\" data-e-type=\"container\" data-settings=\"{&quot;background_background&quot;:&quot;classic&quot;}\">\n\t\t\t\t\t<div class=\"e-con-inner\">\n\t\t<div class=\"elementor-element elementor-element-44c78a6 e-con-full e-flex e-con e-child\" data-id=\"44c78a6\" data-element_type=\"container\" data-e-type=\"container\">\n\t\t\t\t<div class=\"elementor-element elementor-element-8caa2a0 elementor-widget elementor-widget-heading\" data-id=\"8caa2a0\" data-element_type=\"widget\" data-e-type=\"widget\" data-widget_type=\"heading.default\">\n\t\t\t\t\t<h2 class=\"elementor-heading-title elementor-size-default\">Postgraduate Students Experience - STUDX 2026\n<\/h2>\t\t\t\t<\/div>\n\t\t\t\t<\/div>\n\t\t\t\t\t<\/div>\n\t\t\t\t<\/div>\n\t\t<div class=\"elementor-element elementor-element-97e8381 e-con-full e-flex e-con e-parent\" data-id=\"97e8381\" data-element_type=\"container\" data-e-type=\"container\">\n\t\t<div class=\"elementor-element elementor-element-5eec27d e-con-full e-flex e-con e-child\" data-id=\"5eec27d\" data-element_type=\"container\" data-e-type=\"container\">\n\t\t\t\t<div class=\"elementor-element elementor-element-b67623d elementor-widget elementor-widget-heading\" data-id=\"b67623d\" data-element_type=\"widget\" data-e-type=\"widget\" data-widget_type=\"heading.default\">\n\t\t\t\t\t<h2 class=\"elementor-heading-title elementor-size-default\">Coordena\u00e7\u00e3o do STUDx 2026\n<\/h2>\t\t\t\t<\/div>\n\t\t<div class=\"elementor-element elementor-element-b626137 e-con-full e-flex e-con e-child\" data-id=\"b626137\" data-element_type=\"container\" data-e-type=\"container\">\n\t\t\t\t<div class=\"elementor-element elementor-element-ce28426 elementor-widget elementor-widget-text-editor\" data-id=\"ce28426\" data-element_type=\"widget\" data-e-type=\"widget\" data-widget_type=\"text-editor.default\">\n\t\t\t\t\t\t\t\t\t<p><span style=\"font-weight: 400;\">Leandro Silva Galv\u00e3o de Carvalho (U F A M<\/span><span style=\"font-weight: 400;\">) <\/span><span style=\"font-weight: 400;\">| <\/span><a href=\"https:\/\/lattes.cnpq.br\/6049960144667044\"><span style=\"font-weight: 400;\">Lattes<\/span><\/a><span style=\"font-weight: 400;\"> | <\/span><a href=\"mailto:galvao@icomp.ufam.edu.br\"><span style=\"font-weight: 400;\">galvao@icomp.ufam.edu.br<\/span><\/a><\/p><p><span style=\"font-weight: 400;\">Luciane Silva (U F U) | <\/span><a href=\"https:\/\/lattes.cnpq.br\/6630353062042677\"><span style=\"font-weight: 400;\">Lattes<\/span><\/a><span style=\"font-weight: 400;\"> | <\/span><a href=\"mailto:lucianefatsilva@gmail.com\"><span style=\"font-weight: 400;\">lucianefatsilva@gmail.com<\/span><\/a><\/p><p><span style=\"font-weight: 400;\">De\u00f3genes Silva Junior (U F P R) | <\/span><a href=\"http:\/\/lattes.cnpq.br\/0758437549881898\"><span style=\"font-weight: 400;\">Lattes<\/span><\/a><span style=\"font-weight: 400;\"> | deogenes@ufpr.br\u00a0<\/span><\/p>\t\t\t\t\t\t\t\t<\/div>\n\t\t\t\t<\/div>\n\t\t\t\t<\/div>\n\t\t<div class=\"elementor-element elementor-element-394e885 e-con-full e-flex e-con e-child\" data-id=\"394e885\" data-element_type=\"container\" data-e-type=\"container\">\n\t\t\t\t<div class=\"elementor-element elementor-element-5516864 elementor-widget elementor-widget-heading\" data-id=\"5516864\" data-element_type=\"widget\" data-e-type=\"widget\" data-widget_type=\"heading.default\">\n\t\t\t\t\t<h2 class=\"elementor-heading-title elementor-size-default\">Coordena\u00e7\u00e3o Geral de Programa do C B I E 2026<\/h2>\t\t\t\t<\/div>\n\t\t<div class=\"elementor-element elementor-element-d15824e e-con-full e-flex e-con e-child\" data-id=\"d15824e\" data-element_type=\"container\" data-e-type=\"container\">\n\t\t\t\t<div class=\"elementor-element elementor-element-1f3a54b elementor-widget elementor-widget-text-editor\" data-id=\"1f3a54b\" data-element_type=\"widget\" data-e-type=\"widget\" data-widget_type=\"text-editor.default\">\n\t\t\t\t\t\t\t\t\t<p>Rafael Dias Ara\u00fajo (U F U) <span style=\"font-weight: 400;\">| <\/span><a href=\"http:\/\/lattes.cnpq.br\/3067137114142725\" target=\"_blank\" rel=\"noopener\"><span style=\"font-weight: 400;\">Lattes<\/span><\/a><span style=\"font-weight: 400;\"> |<\/span><span style=\"font-weight: 400;\"> rafael.araujo@ufu.br<\/span><\/p><p>Taciana Pontual Falc\u00e3o (U F R P E) <span style=\"font-weight: 400;\">| <\/span><a href=\"http:\/\/lattes.cnpq.br\/5706959249737319\" target=\"_blank\" rel=\"noopener\"><span style=\"font-weight: 400;\">Lattes<\/span><\/a><span style=\"font-weight: 400;\"> |<\/span><span style=\"font-weight: 400;\"> taciana.pontual@ufrpe.br<\/span><\/p>\t\t\t\t\t\t\t\t<\/div>\n\t\t\t\t<\/div>\n\t\t\t\t<\/div>\n\t\t<div class=\"elementor-element elementor-element-b7e55b9 e-con-full e-flex e-con e-child\" data-id=\"b7e55b9\" data-element_type=\"container\" data-e-type=\"container\">\n\t\t\t\t<div class=\"elementor-element elementor-element-b557af0 elementor-widget elementor-widget-heading\" data-id=\"b557af0\" data-element_type=\"widget\" data-e-type=\"widget\" data-widget_type=\"heading.default\">\n\t\t\t\t\t<h2 class=\"elementor-heading-title elementor-size-default\">Datas Importantes<\/h2>\t\t\t\t<\/div>\n\t\t<div class=\"elementor-element elementor-element-57da2d8 e-con-full e-flex e-con e-child\" data-id=\"57da2d8\" data-element_type=\"container\" data-e-type=\"container\">\n\t\t\t\t<div class=\"elementor-element elementor-element-173ca05 elementor-widget elementor-widget-text-editor\" data-id=\"173ca05\" data-element_type=\"widget\" data-e-type=\"widget\" data-widget_type=\"text-editor.default\">\n\t\t\t\t\t\t\t\t\t<ul><li>03\/06\/2026, 23h59 (GMT-3): Submiss\u00e3o de trabalhos (via J E M S 3)<\/li><li>17\/07\/2026: Notifica\u00e7\u00e3o de aceita\u00e7\u00e3o<\/li><li>31\/07\/2026, 23h59 (GMT-3): Envio da vers\u00e3o final (via J E M S 3)<\/li><li>31\/07\/2026, 23h59 (GMT-3): Inscri\u00e7\u00e3o da pessoa autora (p\u00f3s-graduanda), com envio dos seguintes documentos (via J E M S 3):<ul><li>termo de autoriza\u00e7\u00e3o de publica\u00e7\u00e3o<\/li><li>comprovante de pagamento de inscri\u00e7\u00e3o e de taxa de publica\u00e7\u00e3o. Comprovantes aceitos: recibo do ECOS ou e-mail de confirma\u00e7\u00e3o do E C O S<\/li><\/ul><\/li><\/ul>\t\t\t\t\t\t\t\t<\/div>\n\t\t\t\t<\/div>\n\t\t\t\t<\/div>\n\t\t<div class=\"elementor-element elementor-element-8638666 e-con-full e-flex e-con e-child\" data-id=\"8638666\" data-element_type=\"container\" data-e-type=\"container\">\n\t\t\t\t<div class=\"elementor-element elementor-element-6a26e30 elementor-widget elementor-widget-heading\" data-id=\"6a26e30\" data-element_type=\"widget\" data-e-type=\"widget\" data-widget_type=\"heading.default\">\n\t\t\t\t\t<h2 class=\"elementor-heading-title elementor-size-default\">O que \u00e9 o STUDx?\n<\/h2>\t\t\t\t<\/div>\n\t\t<div class=\"elementor-element elementor-element-c437e4a e-con-full e-flex e-con e-child\" data-id=\"c437e4a\" data-element_type=\"container\" data-e-type=\"container\">\n\t\t\t\t<div class=\"elementor-element elementor-element-13e3bc5 elementor-widget elementor-widget-text-editor\" data-id=\"13e3bc5\" data-element_type=\"widget\" data-e-type=\"widget\" data-widget_type=\"text-editor.default\">\n\t\t\t\t\t\t\t\t\t<p><span style=\"font-weight: 400;\">O STUDx \u00e9 um espa\u00e7o pensado para pessoas p\u00f3s-graduandas em Inform\u00e1tica na Educa\u00e7\u00e3o que desejam discutir suas pesquisas, receber feedback qualificado e construir redes de colabora\u00e7\u00e3o acad\u00eamica. Se voc\u00ea est\u00e1 no mestrado ou doutorado e quer novos olhares sobre sua pesquisa, este evento \u00e9 para voc\u00ea.<\/span><\/p>\t\t\t\t\t\t\t\t<\/div>\n\t\t\t\t<\/div>\n\t\t\t\t<\/div>\n\t\t<div class=\"elementor-element elementor-element-3e30666 e-con-full e-flex e-con e-child\" data-id=\"3e30666\" data-element_type=\"container\" data-e-type=\"container\">\n\t\t\t\t<div class=\"elementor-element elementor-element-44dc5cc elementor-widget elementor-widget-heading\" data-id=\"44dc5cc\" data-element_type=\"widget\" data-e-type=\"widget\" data-widget_type=\"heading.default\">\n\t\t\t\t\t<h2 class=\"elementor-heading-title elementor-size-default\">T\u00f3picos de Interesse\n<\/h2>\t\t\t\t<\/div>\n\t\t<div class=\"elementor-element elementor-element-50f1a97 e-con-full e-flex e-con e-child\" data-id=\"50f1a97\" data-element_type=\"container\" data-e-type=\"container\">\n\t\t\t\t<div class=\"elementor-element elementor-element-aaa667f elementor-widget elementor-widget-text-editor\" data-id=\"aaa667f\" data-element_type=\"widget\" data-e-type=\"widget\" data-widget_type=\"text-editor.default\">\n\t\t\t\t\t\t\t\t\t<p><span style=\"font-weight: 400;\">Os temas de interesse incluem, mas n\u00e3o se limitam a:<\/span><\/p><ul><li style=\"font-weight: 400;\" aria-level=\"1\"><span style=\"font-weight: 400;\">Agentes inteligentes<\/span><\/li><li style=\"font-weight: 400;\" aria-level=\"1\"><span style=\"font-weight: 400;\">Ambientes de aprendizagem<\/span><\/li><li style=\"font-weight: 400;\" aria-level=\"1\"><span style=\"font-weight: 400;\">Aspectos sociais, afetivos e\/ou socioemocionais em tecnologias educacionais<\/span><\/li><li style=\"font-weight: 400;\" aria-level=\"1\"><span style=\"font-weight: 400;\">Design, acessibilidade, experi\u00eancia do Usu\u00e1rio (U X) e\/ou tecnologias assistivas<\/span><\/li><li style=\"font-weight: 400;\" aria-level=\"1\"><span style=\"font-weight: 400;\">Educa\u00e7\u00e3o em Computa\u00e7\u00e3o<\/span><\/li><li style=\"font-weight: 400;\" aria-level=\"1\"><span style=\"font-weight: 400;\">\u00c9tica, explicabilidade e\/ou justi\u00e7a na I A<\/span><\/li><li style=\"font-weight: 400;\" aria-level=\"1\"><span style=\"font-weight: 400;\">Forma\u00e7\u00e3o de professores, gest\u00e3o da educa\u00e7\u00e3o e\/ou pol\u00edticas p\u00fablicas<\/span><\/li><li style=\"font-weight: 400;\" aria-level=\"1\"><span style=\"font-weight: 400;\">Gamifica\u00e7\u00e3o e\/ou jogos digitais<\/span><\/li><li style=\"font-weight: 400;\" aria-level=\"1\"><span style=\"font-weight: 400;\">I A Generativa<\/span><\/li><li style=\"font-weight: 400;\" aria-level=\"1\"><span style=\"font-weight: 400;\">Learning Analytics<\/span><\/li><li style=\"font-weight: 400;\" aria-level=\"1\"><span style=\"font-weight: 400;\">Minera\u00e7\u00e3o de Dados Educacionais e\/ou Big Data<\/span><\/li><li style=\"font-weight: 400;\" aria-level=\"1\"><span style=\"font-weight: 400;\">Pensamento Computacional (Educa\u00e7\u00e3o B\u00e1sica, Superior e Inclusiva) e B N C C<\/span><\/li><li style=\"font-weight: 400;\" aria-level=\"1\"><span style=\"font-weight: 400;\">Realidade virtual\/aumentada\/mista<\/span><\/li><li style=\"font-weight: 400;\" aria-level=\"1\"><span style=\"font-weight: 400;\">Rob\u00f3tica<\/span><\/li><li style=\"font-weight: 400;\" aria-level=\"1\"><span style=\"font-weight: 400;\">Sistemas Tutores Inteligentes<\/span><\/li><\/ul><p>\u00a0<\/p><p><span style=\"font-weight: 400;\">O tema do trabalho deve focar na aplicabilidade da inform\u00e1tica na \u00e1rea da Educa\u00e7\u00e3o.<\/span><\/p>\t\t\t\t\t\t\t\t<\/div>\n\t\t\t\t<\/div>\n\t\t\t\t<\/div>\n\t\t<div class=\"elementor-element elementor-element-e4be063 e-con-full e-flex e-con e-child\" data-id=\"e4be063\" data-element_type=\"container\" data-e-type=\"container\">\n\t\t<div class=\"elementor-element elementor-element-23a8e4a e-con-full e-flex e-con e-child\" data-id=\"23a8e4a\" data-element_type=\"container\" data-e-type=\"container\">\n\t\t\t\t<div class=\"elementor-element elementor-element-bef2350 elementor-widget elementor-widget-heading\" data-id=\"bef2350\" data-element_type=\"widget\" data-e-type=\"widget\" data-widget_type=\"heading.default\">\n\t\t\t\t\t<h2 class=\"elementor-heading-title elementor-size-default\">Diretrizes para Submiss\u00e3o\n<\/h2>\t\t\t\t<\/div>\n\t\t<div class=\"elementor-element elementor-element-e214447 e-con-full e-flex e-con e-child\" data-id=\"e214447\" data-element_type=\"container\" data-e-type=\"container\">\n\t\t\t\t<div class=\"elementor-element elementor-element-328ee9d elementor-widget elementor-widget-text-editor\" data-id=\"328ee9d\" data-element_type=\"widget\" data-e-type=\"widget\" data-widget_type=\"text-editor.default\">\n\t\t\t\t\t\t\t\t\t<ul><li style=\"font-weight: 400;\" aria-level=\"1\"><span style=\"font-weight: 400;\">Formato: <\/span><a href=\"https:\/\/www.sbc.org.br\/wp-content\/uploads\/2024\/07\/modelosparapublicaodeartigos.zip\"><span style=\"font-weight: 400;\">Modelo<\/span><\/a><span style=\"font-weight: 400;\"> de artigo S B C<\/span><\/li><li style=\"font-weight: 400;\" aria-level=\"1\"><span style=\"font-weight: 400;\">Extens\u00e3o: <\/span><b>4 a 6 p\u00e1ginas <\/b><span style=\"font-weight: 400;\">(excluindo agradecimentos, declara\u00e7\u00e3o de uso de I A, refer\u00eancias e ap\u00eandices)<\/span><\/li><li style=\"font-weight: 400;\" aria-level=\"1\"><span style=\"font-weight: 400;\">Submiss\u00e3o <\/span><b>n\u00e3o an\u00f4nima<\/b><\/li><\/ul><p>\u00a0<\/p><p><span style=\"font-weight: 400;\">O trabalho deve conter obrigatoriamente:<\/span><\/p><ol><li style=\"font-weight: 400;\" aria-level=\"1\"><b>Informa\u00e7\u00f5es b\u00e1sicas<\/b><span style=\"font-weight: 400;\">: T\u00edtulo, nome do(a) p\u00f3s-graduando(a), nome do(a) orientador(a), institui\u00e7\u00e3o, tempo de desenvolvimento e tempo previsto para conclus\u00e3o<\/span><\/li><li style=\"font-weight: 400;\" aria-level=\"1\"><b>Motiva\u00e7\u00e3o e relev\u00e2ncia <\/b><span style=\"font-weight: 400;\">da pesquisa, destacando sua originalidade ou contribui\u00e7\u00e3o \u00e0s abordagens existentes<\/span><\/li><li style=\"font-weight: 400;\" aria-level=\"1\"><b>Quest\u00e3o(\u00f5es) de pesquisa<\/b><span style=\"font-weight: 400;\">, apresentada(s) de forma clara e expl\u00edcita<\/span><\/li><li style=\"font-weight: 400;\" aria-level=\"1\"><b>Metodologia <\/b><span style=\"font-weight: 400;\">de pesquisa<\/span><\/li><li style=\"font-weight: 400;\" aria-level=\"1\"><b>Resultados <\/b><span style=\"font-weight: 400;\">esperados ou parciais, relacionados \u00e0s contribui\u00e7\u00f5es para a \u00e1rea de Inform\u00e1tica em Educa\u00e7\u00e3o<\/span><\/li><li style=\"font-weight: 400;\" aria-level=\"1\"><b>Declara\u00e7\u00e3o sobre uso de Intelig\u00eancia Artificial<\/b><span style=\"font-weight: 400;\">: Ao submeterem trabalhos ao STUDX 2026, os autores reconhecem que est\u00e3o em conformidade com o <\/span><a href=\"https:\/\/sol.sbc.org.br\/index.php\/indice\/conduta\"><span style=\"font-weight: 400;\">C\u00f3digo de Conduta para Autores em Publica\u00e7\u00f5es<\/span><\/a><span style=\"font-weight: 400;\"> da SBC, segundo o qual o uso de ferramentas de Intelig\u00eancia Artificial (IA) Generativa na escrita e\/ou revis\u00e3o do conte\u00fado de artigos deve ser declarada explicitamente. Essas ferramentas <\/span><b>n\u00e3o podem ser listadas como autores <\/b><span style=\"font-weight: 400;\">de um artigo e seu uso n\u00e3o exime os autores da responsabilidade sobre todo o seu conte\u00fado, inclusive no caso de ser identificado pl\u00e1gio. Nas submiss\u00f5es ao STUDx, esta declara\u00e7\u00e3o deve ser feita em uma se\u00e7\u00e3o n\u00e3o numerada antes da se\u00e7\u00e3o de Refer\u00eancias, com o t\u00edtulo \u201cDeclara\u00e7\u00e3o sobre uso de Intelig\u00eancia Artificial\u201d.<\/span><\/li><\/ol><p>\u00a0<\/p><p><b>Aten\u00e7\u00e3o: <\/b><span style=\"font-weight: 400;\">Preferencialmente, ser\u00e3o selecionados trabalhos em desenvolvimento h\u00e1 pelo menos 9 meses ou com pelo menos 9 meses restantes para conclus\u00e3o at\u00e9 a data do evento. Pesquisas em fase de conclus\u00e3o e mais maduras s\u00e3o mais indicadas para o S B I E ou W I E.<\/span><\/p>\t\t\t\t\t\t\t\t<\/div>\n\t\t\t\t<\/div>\n\t\t\t\t<\/div>\n\t\t\t\t<\/div>\n\t\t<div class=\"elementor-element elementor-element-5743dc6 e-con-full e-flex e-con e-child\" data-id=\"5743dc6\" data-element_type=\"container\" data-e-type=\"container\">\n\t\t<div class=\"elementor-element elementor-element-ff3eaa1 e-con-full e-flex e-con e-child\" data-id=\"ff3eaa1\" data-element_type=\"container\" data-e-type=\"container\">\n\t\t\t\t<div class=\"elementor-element elementor-element-76efa7c elementor-widget elementor-widget-heading\" data-id=\"76efa7c\" data-element_type=\"widget\" data-e-type=\"widget\" data-widget_type=\"heading.default\">\n\t\t\t\t\t<h2 class=\"elementor-heading-title elementor-size-default\">Din\u00e2mica do Evento\n<\/h2>\t\t\t\t<\/div>\n\t\t<div class=\"elementor-element elementor-element-c0737b8 e-con-full e-flex e-con e-child\" data-id=\"c0737b8\" data-element_type=\"container\" data-e-type=\"container\">\n\t\t\t\t<div class=\"elementor-element elementor-element-30713c3 elementor-widget elementor-widget-heading\" data-id=\"30713c3\" data-element_type=\"widget\" data-e-type=\"widget\" data-widget_type=\"heading.default\">\n\t\t\t\t\t<h3 class=\"elementor-heading-title elementor-size-default\">Sess\u00f5es de apresenta\u00e7\u00e3o presencial (manh\u00e3)\n<\/h3>\t\t\t\t<\/div>\n\t\t\t\t<div class=\"elementor-element elementor-element-001c431 elementor-widget elementor-widget-text-editor\" data-id=\"001c431\" data-element_type=\"widget\" data-e-type=\"widget\" data-widget_type=\"text-editor.default\">\n\t\t\t\t\t\t\t\t\t<ul><li style=\"font-weight: 400;\" aria-level=\"1\"><span style=\"font-weight: 400;\">Cada autor(a) apresentar\u00e1 sua pesquisa a uma banca de professores no dia e hor\u00e1rio definidos na programa\u00e7\u00e3o.<\/span><\/li><li style=\"font-weight: 400;\" aria-level=\"1\"><span style=\"font-weight: 400;\">Os(as) autores(as) ser\u00e3o distribu\u00eddos em blocos de apresenta\u00e7\u00e3o. Cada bloco come\u00e7a com as apresenta\u00e7\u00f5es dos p\u00f3s-graduandos sobre seus trabalhos em andamento e conclui com a aprecia\u00e7\u00e3o da banca sobre os trabalhos apresentados.<\/span><\/li><li><span style=\"font-weight: 400;\">A participa\u00e7\u00e3o presencial em todas as atividades do STUDx \u00e9 <\/span><b>obrigat\u00f3ria<\/b><span style=\"font-weight: 400;\"> para publica\u00e7\u00e3o.<\/span><\/li><\/ul>\t\t\t\t\t\t\t\t<\/div>\n\t\t\t\t<\/div>\n\t\t<div class=\"elementor-element elementor-element-250440d e-con-full e-flex e-con e-child\" data-id=\"250440d\" data-element_type=\"container\" data-e-type=\"container\">\n\t\t\t\t<div class=\"elementor-element elementor-element-3fd9475 elementor-widget elementor-widget-heading\" data-id=\"3fd9475\" data-element_type=\"widget\" data-e-type=\"widget\" data-widget_type=\"heading.default\">\n\t\t\t\t\t<h3 class=\"elementor-heading-title elementor-size-default\">Oficina colaborativa (tarde)\n<\/h3>\t\t\t\t<\/div>\n\t\t\t\t<div class=\"elementor-element elementor-element-f16a415 elementor-widget elementor-widget-text-editor\" data-id=\"f16a415\" data-element_type=\"widget\" data-e-type=\"widget\" data-widget_type=\"text-editor.default\">\n\t\t\t\t\t\t\t\t\t<ul><li style=\"font-weight: 400;\" aria-level=\"1\"><span style=\"font-weight: 400;\">Autores com trabalhos aceitos participar\u00e3o de uma atividade colaborativa estruturada em dois momentos.<\/span><\/li><li style=\"font-weight: 400;\" aria-level=\"1\"><b>Antes <\/b><span style=\"font-weight: 400;\">do evento, ser\u00e1 realizada uma <\/span><b>atividade preparat\u00f3ria de leitura e escrita<\/b><span style=\"font-weight: 400;\">, cujas instru\u00e7\u00f5es ser\u00e3o enviadas com anteced\u00eancia aos participantes.<\/span><\/li><li style=\"font-weight: 400;\" aria-level=\"1\"><b>Durante <\/b><span style=\"font-weight: 400;\">a oficina, os(as) autores(as) trabalhar\u00e3o em conjunto para trocar experi\u00eancias sobre suas pesquisas, receber e oferecer feedback qualificado, e fortalecer redes de colabora\u00e7\u00e3o acad\u00eamica.<\/span><\/li><\/ul>\t\t\t\t\t\t\t\t<\/div>\n\t\t\t\t<\/div>\n\t\t\t\t<\/div>\n\t\t\t\t<\/div>\n\t\t<div class=\"elementor-element elementor-element-1f3ae58 e-con-full e-flex e-con e-child\" data-id=\"1f3ae58\" data-element_type=\"container\" data-e-type=\"container\">\n\t\t<div class=\"elementor-element elementor-element-2dc0a6f e-con-full e-flex e-con e-child\" data-id=\"2dc0a6f\" data-element_type=\"container\" data-e-type=\"container\">\n\t\t\t\t<div class=\"elementor-element elementor-element-4f2f967 elementor-widget elementor-widget-heading\" data-id=\"4f2f967\" data-element_type=\"widget\" data-e-type=\"widget\" data-widget_type=\"heading.default\">\n\t\t\t\t\t<h2 class=\"elementor-heading-title elementor-size-default\">Publica\u00e7\u00e3o de trabalhos\n<\/h2>\t\t\t\t<\/div>\n\t\t<div class=\"elementor-element elementor-element-c355dd3 e-con-full e-flex e-con e-child\" data-id=\"c355dd3\" data-element_type=\"container\" data-e-type=\"container\">\n\t\t\t\t<div class=\"elementor-element elementor-element-3384d38 elementor-widget elementor-widget-text-editor\" data-id=\"3384d38\" data-element_type=\"widget\" data-e-type=\"widget\" data-widget_type=\"text-editor.default\">\n\t\t\t\t\t\t\t\t\t<p><span style=\"font-weight: 400;\">Os trabalhos aceitos ser\u00e3o publicados nos Anais Estendidos do C B I E, dispon\u00edveis na <\/span><a href=\"https:\/\/sol.sbc.org.br\/index.php\/cbie_estendido\"><span style=\"font-weight: 400;\">SBC-OpenLib<\/span><\/a><span style=\"font-weight: 400;\"> (S O L), a biblioteca digital da S B C (I S S N 2316-8889). Todos os artigos ser\u00e3o indexados com DOI.<\/span><\/p>\n<p><b>Condi\u00e7\u00f5es para publica\u00e7\u00e3o:<\/b><\/p>\n<ul>\n<li style=\"font-weight: 400;\" aria-level=\"1\"><span style=\"font-weight: 400;\">Inscri\u00e7\u00e3o efetivada no prazo<\/span><\/li>\n<li style=\"font-weight: 400;\" aria-level=\"1\"><span style=\"font-weight: 400;\">Pagamento da taxa de publica\u00e7\u00e3o<\/span><\/li>\n<li style=\"font-weight: 400;\" aria-level=\"1\"><span style=\"font-weight: 400;\">Incorpora\u00e7\u00e3o das corre\u00e7\u00f5es sugeridas pelos avaliadores na vers\u00e3o final<\/span><\/li>\n<li style=\"font-weight: 400;\" aria-level=\"1\"><span style=\"font-weight: 400;\">Envio do termo de autoriza\u00e7\u00e3o de publica\u00e7\u00e3o<\/span><\/li>\n<li style=\"font-weight: 400;\" aria-level=\"1\"><span style=\"font-weight: 400;\">Participa\u00e7\u00e3o presencial em todas as atividades do STUDx<\/span><\/li>\n<\/ul>\t\t\t\t\t\t\t\t<\/div>\n\t\t\t\t<\/div>\n\t\t\t\t<\/div>\n\t\t<div class=\"elementor-element elementor-element-4c589d7 e-con-full e-flex e-con e-child\" data-id=\"4c589d7\" data-element_type=\"container\" data-e-type=\"container\">\n\t\t<div class=\"elementor-element elementor-element-038a5b5 e-con-full e-flex e-con e-child\" data-id=\"038a5b5\" data-element_type=\"container\" data-e-type=\"container\">\n\t\t\t\t<div class=\"elementor-element elementor-element-3d3866d elementor-widget elementor-widget-heading\" data-id=\"3d3866d\" data-element_type=\"widget\" data-e-type=\"widget\" data-widget_type=\"heading.default\">\n\t\t\t\t\t<h2 class=\"elementor-heading-title elementor-size-default\">Direitos Autorais\n<\/h2>\t\t\t\t<\/div>\n\t\t<div class=\"elementor-element elementor-element-0747eb6 e-con-full e-flex e-con e-child\" data-id=\"0747eb6\" data-element_type=\"container\" data-e-type=\"container\">\n\t\t\t\t<div class=\"elementor-element elementor-element-1d4a073 elementor-widget elementor-widget-text-editor\" data-id=\"1d4a073\" data-element_type=\"widget\" data-e-type=\"widget\" data-widget_type=\"text-editor.default\">\n\t\t\t\t\t\t\t\t\t<p><span style=\"font-weight: 400;\">O(s) autor(es) da obra autoriza(m) a S B C a public\u00e1-la de acordo com os termos da licen\u00e7a <\/span><i><span style=\"font-weight: 400;\">Creative Commons Attribution 4.0 International Public License<\/span><\/i><span style=\"font-weight: 400;\"> (CC BY 4.0). Dessa forma, fica permitido ao(s) autor(es) ou a terceiros a reprodu\u00e7\u00e3o, ou distribui\u00e7\u00e3o, em parte ou no todo, do material extra\u00eddo dessa obra, de forma verbatim, adaptada ou remixada, bem como a cria\u00e7\u00e3o ou produ\u00e7\u00e3o a partir do conte\u00fado desta obra, desde que sejam atribu\u00eddos os devidos cr\u00e9ditos \u00e0 cria\u00e7\u00e3o original. C\u00f3pias da obra n\u00e3o devem ser utilizadas de nenhum modo que implique o endosso da S B C.<\/span><\/p><p><span style=\"font-weight: 400;\">Efetuar o download do<\/span> <a href=\"https:\/\/www.sbc.org.br\/wp-content\/uploads\/2024\/07\/Autoriza-o-de-Publica-o-CC-BY-4.0-WICS-2020.pdf\"><span style=\"font-weight: 400;\">TERMO DE AUTORIZA\u00c7\u00c3O DE PUBLICA\u00c7\u00c3O<\/span><\/a><span style=\"font-weight: 400;\">, preencher, assinar e enviar pelo J E M S.<\/span><\/p>\t\t\t\t\t\t\t\t<\/div>\n\t\t\t\t<\/div>\n\t\t\t\t<\/div>\n\t\t\t\t<\/div>\n\t\t\t\t<\/div>\n\t\t\t\t<\/div>\n\t\t\t\t<\/div>\n\t\t","protected":false},"excerpt":{"rendered":"<p>Postgraduate Students Experience &#8211; STUDX 2026 Coordena\u00e7\u00e3o do STUDx 2026 Leandro Silva Galv\u00e3o de Carvalho (U F A M) | Lattes | galvao@icomp.ufam.edu.br Luciane Silva (U F U) | Lattes | lucianefatsilva@gmail.com De\u00f3genes Silva Junior (U F P R) | Lattes | deogenes@ufpr.br\u00a0 Coordena\u00e7\u00e3o Geral de Programa do C B I E 2026 Rafael Dias [&hellip;]<\/p>\n","protected":false},"author":5,"featured_media":0,"parent":0,"menu_order":0,"comment_status":"closed","ping_status":"closed","template":"","meta":{"footnotes":""},"class_list":["post-1627","page","type-page","status-publish","hentry"],"_links":{"self":[{"href":"https:\/\/cbie.sbc.org.br\/2026\/index.php\/wp-json\/wp\/v2\/pages\/1627","targetHints":{"allow":["GET"]}}],"collection":[{"href":"https:\/\/cbie.sbc.org.br\/2026\/index.php\/wp-json\/wp\/v2\/pages"}],"about":[{"href":"https:\/\/cbie.sbc.org.br\/2026\/index.php\/wp-json\/wp\/v2\/types\/page"}],"author":[{"embeddable":true,"href":"https:\/\/cbie.sbc.org.br\/2026\/index.php\/wp-json\/wp\/v2\/users\/5"}],"replies":[{"embeddable":true,"href":"https:\/\/cbie.sbc.org.br\/2026\/index.php\/wp-json\/wp\/v2\/comments?post=1627"}],"version-history":[{"count":7,"href":"https:\/\/cbie.sbc.org.br\/2026\/index.php\/wp-json\/wp\/v2\/pages\/1627\/revisions"}],"predecessor-version":[{"id":1634,"href":"https:\/\/cbie.sbc.org.br\/2026\/index.php\/wp-json\/wp\/v2\/pages\/1627\/revisions\/1634"}],"wp:attachment":[{"href":"https:\/\/cbie.sbc.org.br\/2026\/index.php\/wp-json\/wp\/v2\/media?parent=1627"}],"curies":[{"name":"wp","href":"https:\/\/api.w.org\/{rel}","templated":true}]}}